{"id":13108,"date":"2025-07-15T22:16:49","date_gmt":"2025-07-15T20:16:49","guid":{"rendered":"https:\/\/www.kazuki.eu\/academy\/?page_id=13108"},"modified":"2026-01-04T16:19:02","modified_gmt":"2026-01-04T15:19:02","slug":"formation-nutrition-module2-favoriser-la-serenite-alimentaire","status":"publish","type":"page","link":"https:\/\/www.kazuki.eu\/academy\/nos-formations\/formations-de-base\/formation-nutrition-module2-favoriser-la-serenite-alimentaire\/","title":{"rendered":"Formation Nutrition &#8211; Module 2 &#8211; Favoriser la s\u00e9r\u00e9nit\u00e9 alimentaire"},"content":{"rendered":"\n<div class=\"wp-block-uagb-container uagb-block-3b71de40 alignfull uagb-is-root-container\"><div class=\"uagb-container-inner-blocks-wrap\">\n<div class=\"wp-block-uagb-container uagb-block-1163dfa4\">\n<div class=\"wp-block-uagb-container uagb-block-804414ff alignfull uagb-is-root-container\"><div class=\"uagb-container-inner-blocks-wrap\"><div class=\"yoast-breadcrumbs\"><span><span><a href=\"https:\/\/www.kazuki.eu\/academy\/\">Accueil<\/a><\/span> \u00bb <span><a href=\"https:\/\/www.kazuki.eu\/academy\/?page_id=14\">Nos formations<\/a><\/span> \u00bb <span><a href=\"https:\/\/www.kazuki.eu\/academy\/nos-formations\/formations-de-base\/\">Professionnels de l&rsquo;accompagnement et du bien \u00eatre<\/a><\/span> \u00bb <span class=\"breadcrumb_last\" aria-current=\"page\">Formation Nutrition &#8211; Module 2 &#8211; Favoriser la s\u00e9r\u00e9nit\u00e9 alimentaire<\/span><\/span><\/div>\n\n\n<div class=\"wp-block-uagb-advanced-heading uagb-block-5f916a0c\"><h1 class=\"uagb-heading-text\">Se nourrir en conscience<\/h1><\/div>\n\n\n\n<div class=\"wp-block-uagb-advanced-heading uagb-block-7d4f876d\"><h1 class=\"uagb-heading-text\">Favoriser la s\u00e9r\u00e9nit\u00e9 alimentaire<\/h1><\/div>\n\n\n\n<div class=\"block-formation-meta has-text-color has-ast-global-color-5-color wp-elements-34789d0a436be00a02f5fe0d54359555\">\n\t<dl class=\"listing\">\n\t\t\t\t\t<div>\n\t\t\t\t<dt>Niveau :<\/dt>\n\n\t\t\t\t\t\t\t\t\t<dd>\n\t\t\t\t\t\tGold &#8211; Avec Pr\u00e9requis\t\t\t\t\t\t\t\t\t\t\t<\/dd>\n\t\t\t\t\t\t\t<\/div>\n\t\t\n\t\t\t\t\t<div>\n\t\t\t\t<dt>Intervenant :<\/dt>\n\n\t\t\t\t\t\t\t\t\t<dd>\n\t\t\t\t\t\tAnne-Claire Vanden Hende\t\t\t\t\t\t\t\t\t\t\t<\/dd>\n\t\t\t\t\t\t\t<\/div>\n\t\t\n\t\t\t\t\t<div>\n\t\t\t\t<dt>Format :<\/dt>\n\n\t\t\t\t\t\t\t\t\t<dd>\n\t\t\t\t\t\tDistanciel\t\t\t\t\t\t\t\t\t\t\t<\/dd>\n\t\t\t\t\t\t\t<\/div>\n\t\t\n\t\t\t\t\t<div>\n\t\t\t\t<dt>Th\u00e8me :<\/dt>\n\n\t\t\t\t\t\t\t\t\t<dd>\n\t\t\t\t\t\tPsychocorporels\t\t\t\t\t\t\t\t\t\t\t<\/dd>\n\t\t\t\t\t\t\t<\/div>\n\t\t\t<\/dl>\n<\/div><\/div><\/div>\n\n\n\n<div class=\"wp-block-uagb-advanced-heading uagb-block-6b95e373\"><h2 class=\"uagb-heading-text\">Pr\u00e9sentation<\/h2><p class=\"uagb-desc-text\">Dans ce deuxi\u00e8me volet, nous nous attarderons sur le lien entre alimentation et \u00e9motions. En effet, accompagner des probl\u00e9matiques alimentaires am\u00e8ne t\u00f4t ou tard \u00e0 rencontrer les m\u00e9canismes \u00e9motionnels sous-jacents.<br>Il s\u2019agira donc de reconnaitre la composante affective et h\u00e9donique de l\u2019alimentation et d\u2019explorer son utilisation comme strat\u00e9gie d&rsquo;apaisement et de r\u00e9confort.<br>Nous verrons aussi comment accompagner l\u2019apaisement du comportement alimentaire par l\u2019int\u00e9gration des \u00e9motions et des besoins. Favoriser le retour \u00e0 davantage de s\u00e9r\u00e9nit\u00e9 alimentaire c\u2019est favoriser l\u2019\u00e9coute de soi. C\u2019est \u00e0 dire apprendre \u00e0 vivre notre corps quand il est anim\u00e9 par une \u00e9motion, nous mettre \u00e0 l\u2019\u00e9coute de nos besoins, de nos freins comme de nos \u00e9lans, de nos vides comme de nos trop pleins, de nos fonctionnements habituels, de nos empreintes. Nous pratiquerons sur nous-m\u00eames d\u2019abord pour entretenir notre propre vitalit\u00e9 et notre digestion \u00e9motionnelle afin de nous rendre disponibles aux autres.<\/p><\/div>\n\n\n\n<h2 class=\"wp-block-heading\">Objectifs &amp; D\u00e9veloppement des comp\u00e9tences<\/h2>\n\n\n\n<p>La formation comporte des temps d\u2019introspection guid\u00e9s, nourris par des apports th\u00e9oriques.<\/p>\n\n\n\n<ul class=\"wp-block-list\">\n<li>Porter un nouveau regard sur les probl\u00e9matiques pond\u00e9rales, l\u2019alimentation \u00e9motionnelle, les pathologies digestives et les troubles du comportement alimentaire&nbsp;;<\/li>\n\n\n\n<li>Comprendre et exp\u00e9rimenter le lien entre \u00e9motions et alimentation&nbsp;;<\/li>\n\n\n\n<li>Exp\u00e9rimenter quelques cl\u00e9s d\u2019apaisement et d\u2019int\u00e9gration de nos v\u00e9cus int\u00e9rieurs li\u00e9s \u00e0 l\u2019alimentation&nbsp;;<\/li>\n\n\n\n<li>Comprendre et exp\u00e9rimenter les \u00e9tapes du cheminement vers la s\u00e9r\u00e9nit\u00e9 alimentaire&nbsp;;<\/li>\n\n\n\n<li>Enrichir son accompagnement par l\u2019exploration de techniques et exercices sp\u00e9cifiques aux probl\u00e9matiques li\u00e9es \u00e0 l\u2019alimentation ;<\/li>\n\n\n\n<li>D\u00e9velopper son savoir-faire et son savoir-\u00eatre pour favoriser le retour \u00e0 la s\u00e9r\u00e9nit\u00e9 alimentaire par l\u2019\u00e9coute de soi.<\/li>\n<\/ul>\n\n\n\n<p>PR\u00c9CISION&nbsp;: cette formation ne donne pas acc\u00e8s au titre de professionnel de la nutrition (di\u00e9t\u00e9ticien, nutritionniste, coach en nutrition, etc.).<\/p>\n<\/div>\n\n\n\n<div class=\"wp-block-uagb-container uagb-block-744bd026\">\n<div class=\"wp-block-group alignfull has-ast-global-color-6-background-color has-background is-vertical is-layout-flex wp-container-core-group-is-layout-d0461c18 wp-block-group-is-layout-flex\" style=\"padding-top:var(--wp--preset--spacing--40);padding-right:var(--wp--preset--spacing--40);padding-bottom:var(--wp--preset--spacing--40);padding-left:var(--wp--preset--spacing--40)\">\n<h2 class=\"wp-block-heading has-medium-font-size\" id=\"single\"><strong>En bref<\/strong><\/h2>\n\n\n\n<p class=\"has-small-font-size\">Fait partie de la Formation Nutrition &#8211; Se nourrir en conscience compos\u00e9e de 3 modules en \u00ab\u00a0Silver\u00a0\u00bb. Module donn\u00e9 en 2 jours.<\/p>\n\n\n\n<div class=\"wp-block-uagb-icon-list uagb-block-01f4368d\"><div class=\"uagb-icon-list__wrap\">\n<div class=\"wp-block-uagb-icon-list-child uagb-block-13f011b8\"><span class=\"uagb-icon-list__source-wrap\"><svg xmlns=\"https:\/\/www.w3.org\/2000\/svg\" viewBox=\"0 0 512 512\"><path d=\"M0 256C0 114.6 114.6 0 256 0C397.4 0 512 114.6 512 256C512 397.4 397.4 512 256 512C114.6 512 0 397.4 0 256zM371.8 211.8C382.7 200.9 382.7 183.1 371.8 172.2C360.9 161.3 343.1 161.3 332.2 172.2L224 280.4L179.8 236.2C168.9 225.3 151.1 225.3 140.2 236.2C129.3 247.1 129.3 264.9 140.2 275.8L204.2 339.8C215.1 350.7 232.9 350.7 243.8 339.8L371.8 211.8z\"><\/path><\/svg><\/span><span class=\"uagb-icon-list__label\">Dates 09\/01\/2027 et 10\/01\/2027<\/span><\/div>\n\n\n\n<div class=\"wp-block-uagb-icon-list-child uagb-block-2e428b83\"><span class=\"uagb-icon-list__source-wrap\"><svg xmlns=\"https:\/\/www.w3.org\/2000\/svg\" viewBox=\"0 0 512 512\"><path d=\"M0 256C0 114.6 114.6 0 256 0C397.4 0 512 114.6 512 256C512 397.4 397.4 512 256 512C114.6 512 0 397.4 0 256zM371.8 211.8C382.7 200.9 382.7 183.1 371.8 172.2C360.9 161.3 343.1 161.3 332.2 172.2L224 280.4L179.8 236.2C168.9 225.3 151.1 225.3 140.2 236.2C129.3 247.1 129.3 264.9 140.2 275.8L204.2 339.8C215.1 350.7 232.9 350.7 243.8 339.8L371.8 211.8z\"><\/path><\/svg><\/span><span class=\"uagb-icon-list__label\">Formation en Visio-Live<\/span><\/div>\n\n\n\n<div class=\"wp-block-uagb-icon-list-child uagb-block-d0422f6d\"><span class=\"uagb-icon-list__source-wrap\"><svg xmlns=\"https:\/\/www.w3.org\/2000\/svg\" viewBox=\"0 0 512 512\"><path d=\"M0 256C0 114.6 114.6 0 256 0C397.4 0 512 114.6 512 256C512 397.4 397.4 512 256 512C114.6 512 0 397.4 0 256zM371.8 211.8C382.7 200.9 382.7 183.1 371.8 172.2C360.9 161.3 343.1 161.3 332.2 172.2L224 280.4L179.8 236.2C168.9 225.3 151.1 225.3 140.2 236.2C129.3 247.1 129.3 264.9 140.2 275.8L204.2 339.8C215.1 350.7 232.9 350.7 243.8 339.8L371.8 211.8z\"><\/path><\/svg><\/span><span class=\"uagb-icon-list__label\">Module 2\/3<\/span><\/div>\n\n\n\n<div class=\"wp-block-uagb-icon-list-child uagb-block-d4d98f0f\"><span class=\"uagb-icon-list__source-wrap\"><svg xmlns=\"https:\/\/www.w3.org\/2000\/svg\" viewBox=\"0 0 512 512\"><path d=\"M0 256C0 114.6 114.6 0 256 0C397.4 0 512 114.6 512 256C512 397.4 397.4 512 256 512C114.6 512 0 397.4 0 256zM371.8 211.8C382.7 200.9 382.7 183.1 371.8 172.2C360.9 161.3 343.1 161.3 332.2 172.2L224 280.4L179.8 236.2C168.9 225.3 151.1 225.3 140.2 236.2C129.3 247.1 129.3 264.9 140.2 275.8L204.2 339.8C215.1 350.7 232.9 350.7 243.8 339.8L371.8 211.8z\"><\/path><\/svg><\/span><span class=\"uagb-icon-list__label\">14 heures<\/span><\/div>\n\n\n\n<div class=\"wp-block-uagb-icon-list-child uagb-block-b8f4084a\"><span class=\"uagb-icon-list__source-wrap\"><svg xmlns=\"https:\/\/www.w3.org\/2000\/svg\" viewBox=\"0 0 512 512\"><path d=\"M0 256C0 114.6 114.6 0 256 0C397.4 0 512 114.6 512 256C512 397.4 397.4 512 256 512C114.6 512 0 397.4 0 256zM371.8 211.8C382.7 200.9 382.7 183.1 371.8 172.2C360.9 161.3 343.1 161.3 332.2 172.2L224 280.4L179.8 236.2C168.9 225.3 151.1 225.3 140.2 236.2C129.3 247.1 129.3 264.9 140.2 275.8L204.2 339.8C215.1 350.7 232.9 350.7 243.8 339.8L371.8 211.8z\"><\/path><\/svg><\/span><span class=\"uagb-icon-list__label\">2 jours<\/span><\/div>\n<\/div><\/div>\n\n\n\n<div class=\"wp-block-buttons alignfull is-horizontal is-content-justification-center is-layout-flex wp-container-core-buttons-is-layout-03627597 wp-block-buttons-is-layout-flex\">\n<div class=\"wp-block-button has-custom-width wp-block-button__width-100 is-style-fill\"><a class=\"wp-block-button__link has-ast-global-color-5-color has-ast-global-color-0-background-color has-text-color has-background wp-element-button\" href=\"https:\/\/my.kazuki.eu\/commander\/?add-to-cart=692&amp;quantity=1\" style=\"border-radius:30px\">Je r\u00e9serve (490\u20ac TTC)<\/a><\/div>\n<\/div>\n<\/div>\n<\/div>\n<\/div><\/div>\n\n\n\n<div class=\"wp-block-uagb-container uagb-block-9e467f82 alignfull uagb-is-root-container\"><div class=\"uagb-container-inner-blocks-wrap\">\n<div class=\"wp-block-uagb-container uagb-block-828749c6\">\n<div class=\"wp-block-uagb-advanced-heading uagb-block-b2e3ec4d\"><h2 class=\"uagb-heading-text\">Programme<\/h2><\/div>\n\n\n<div class=\"wp-block-uagb-faq uagb-faq__outer-wrap uagb-block-70fbb7e5 uagb-faq-icon-row-reverse uagb-faq-layout-accordion uagb-faq-expand-first-false uagb-faq-inactive-other-true uagb-faq__wrap uagb-buttons-layout-wrap uagb-faq-equal-height     \" data-faqtoggle=\"true\" role=\"tablist\"><div class=\"wp-block-uagb-faq-child uagb-faq-child__outer-wrap uagb-faq-item uagb-block-4fd809d2 \" role=\"tab\" tabindex=\"0\"><div class=\"uagb-faq-questions-button uagb-faq-questions\">\t\t\t<span class=\"uagb-icon uagb-faq-icon-wrap\">\n\t\t\t\t\t\t\t\t<svg xmlns=\"https:\/\/www.w3.org\/2000\/svg\" viewBox= \"0 0 448 512\"><path d=\"M432 256c0 17.69-14.33 32.01-32 32.01H256v144c0 17.69-14.33 31.99-32 31.99s-32-14.3-32-31.99v-144H48c-17.67 0-32-14.32-32-32.01s14.33-31.99 32-31.99H192v-144c0-17.69 14.33-32.01 32-32.01s32 14.32 32 32.01v144h144C417.7 224 432 238.3 432 256z\"><\/path><\/svg>\n\t\t\t\t\t\t\t<\/span>\n\t\t\t\t\t\t<span class=\"uagb-icon-active uagb-faq-icon-wrap\">\n\t\t\t\t\t\t\t\t<svg xmlns=\"https:\/\/www.w3.org\/2000\/svg\" viewBox= \"0 0 448 512\"><path d=\"M400 288h-352c-17.69 0-32-14.32-32-32.01s14.31-31.99 32-31.99h352c17.69 0 32 14.3 32 31.99S417.7 288 400 288z\"><\/path><\/svg>\n\t\t\t\t\t\t\t<\/span>\n\t\t\t<span class=\"uagb-question\">Temps d\u2019accueil et de pr\u00e9sentation<\/span><\/div><div class=\"uagb-faq-content\"><p><\/p><\/div><\/div><div class=\"wp-block-uagb-faq-child uagb-faq-child__outer-wrap uagb-faq-item uagb-block-c5a0eecc \" role=\"tab\" tabindex=\"0\"><div class=\"uagb-faq-questions-button uagb-faq-questions\">\t\t\t<span class=\"uagb-icon uagb-faq-icon-wrap\">\n\t\t\t\t\t\t\t\t<svg xmlns=\"https:\/\/www.w3.org\/2000\/svg\" viewBox= \"0 0 448 512\"><path d=\"M432 256c0 17.69-14.33 32.01-32 32.01H256v144c0 17.69-14.33 31.99-32 31.99s-32-14.3-32-31.99v-144H48c-17.67 0-32-14.32-32-32.01s14.33-31.99 32-31.99H192v-144c0-17.69 14.33-32.01 32-32.01s32 14.32 32 32.01v144h144C417.7 224 432 238.3 432 256z\"><\/path><\/svg>\n\t\t\t\t\t\t\t<\/span>\n\t\t\t\t\t\t<span class=\"uagb-icon-active uagb-faq-icon-wrap\">\n\t\t\t\t\t\t\t\t<svg xmlns=\"https:\/\/www.w3.org\/2000\/svg\" viewBox= \"0 0 448 512\"><path d=\"M400 288h-352c-17.69 0-32-14.32-32-32.01s14.31-31.99 32-31.99h352c17.69 0 32 14.3 32 31.99S417.7 288 400 288z\"><\/path><\/svg>\n\t\t\t\t\t\t\t<\/span>\n\t\t\t<span class=\"uagb-question\">Exploration personnelle guid\u00e9e<\/span><\/div><div class=\"uagb-faq-content\"><p>* Les diff\u00e9rentes facettes de notre relation \u00e0 la nourriture\u00a0<br>* Ce qui nous d\u00e9vore, bouffe, gave, gonfle, \u2026<br>* Ce qui nous nourrit, nous go\u00fbte, nous mets l\u2019eau \u00e0 la bouche, \u2026<br>* Comportement alimentaire\u00a0: explorations autour de la s\u00e9r\u00e9nit\u00e9 alimentaire<br>    &#8211; Faire de la place \u00e0 nos v\u00e9cus sensoriels et \u00e9motionnels, d\u00e9velopper notre espace d\u2019accueil<br>    &#8211; Renouer avec notre enfant int\u00e9rieur<br>    &#8211; Rencontrer nos vuln\u00e9rabilit\u00e9s comme nos parts de lumi\u00e8re<\/p><\/div><\/div><div class=\"wp-block-uagb-faq-child uagb-faq-child__outer-wrap uagb-faq-item uagb-block-03767883 \" role=\"tab\" tabindex=\"0\"><div class=\"uagb-faq-questions-button uagb-faq-questions\">\t\t\t<span class=\"uagb-icon uagb-faq-icon-wrap\">\n\t\t\t\t\t\t\t\t<svg xmlns=\"https:\/\/www.w3.org\/2000\/svg\" viewBox= \"0 0 448 512\"><path d=\"M432 256c0 17.69-14.33 32.01-32 32.01H256v144c0 17.69-14.33 31.99-32 31.99s-32-14.3-32-31.99v-144H48c-17.67 0-32-14.32-32-32.01s14.33-31.99 32-31.99H192v-144c0-17.69 14.33-32.01 32-32.01s32 14.32 32 32.01v144h144C417.7 224 432 238.3 432 256z\"><\/path><\/svg>\n\t\t\t\t\t\t\t<\/span>\n\t\t\t\t\t\t<span class=\"uagb-icon-active uagb-faq-icon-wrap\">\n\t\t\t\t\t\t\t\t<svg xmlns=\"https:\/\/www.w3.org\/2000\/svg\" viewBox= \"0 0 448 512\"><path d=\"M400 288h-352c-17.69 0-32-14.32-32-32.01s14.31-31.99 32-31.99h352c17.69 0 32 14.3 32 31.99S417.7 288 400 288z\"><\/path><\/svg>\n\t\t\t\t\t\t\t<\/span>\n\t\t\t<span class=\"uagb-question\">Apports th\u00e9oriques<\/span><\/div><div class=\"uagb-faq-content\"><p><br>* Faim et envie\u00a0: les dimensions h\u00e9doniques et affectives de l\u2019alimentation\u00a0<br>* Quelques \u00e9tapes qui jalonnent le chemin vers la s\u00e9r\u00e9nit\u00e9 alimentaire<br>* Comportement alimentaire et enfant int\u00e9rieur<br>* Alimentation \u00e9motionnelle et nutrition<br>* Surpoids, sous poids, troubles du comportement alimentaire\u00a0: quel sens\u00a0?<\/p><\/div><\/div><div class=\"wp-block-uagb-faq-child uagb-faq-child__outer-wrap uagb-faq-item uagb-block-6267f2b4 \" role=\"tab\" tabindex=\"0\"><div class=\"uagb-faq-questions-button uagb-faq-questions\">\t\t\t<span class=\"uagb-icon uagb-faq-icon-wrap\">\n\t\t\t\t\t\t\t\t<svg xmlns=\"https:\/\/www.w3.org\/2000\/svg\" viewBox= \"0 0 448 512\"><path d=\"M432 256c0 17.69-14.33 32.01-32 32.01H256v144c0 17.69-14.33 31.99-32 31.99s-32-14.3-32-31.99v-144H48c-17.67 0-32-14.32-32-32.01s14.33-31.99 32-31.99H192v-144c0-17.69 14.33-32.01 32-32.01s32 14.32 32 32.01v144h144C417.7 224 432 238.3 432 256z\"><\/path><\/svg>\n\t\t\t\t\t\t\t<\/span>\n\t\t\t\t\t\t<span class=\"uagb-icon-active uagb-faq-icon-wrap\">\n\t\t\t\t\t\t\t\t<svg xmlns=\"https:\/\/www.w3.org\/2000\/svg\" viewBox= \"0 0 448 512\"><path d=\"M400 288h-352c-17.69 0-32-14.32-32-32.01s14.31-31.99 32-31.99h352c17.69 0 32 14.3 32 31.99S417.7 288 400 288z\"><\/path><\/svg>\n\t\t\t\t\t\t\t<\/span>\n\t\t\t<span class=\"uagb-question\">Application dans nos pratiques professionnelles<\/span><\/div><div class=\"uagb-faq-content\"><p>Application concr\u00e8te des savoirs, savoir-faire et savoir-\u00eatre d\u00e9velopp\u00e9s au cours de la formation (cas cliniques).<\/p><\/div><\/div><\/div>\n\n\n<h5 class=\"wp-block-heading\">Modalit\u00e9s de d\u00e9roulement (moyens techniques et p\u00e9dagogiques mis en \u0153uvre)<\/h5>\n\n\n\n<ul class=\"wp-block-list\">\n<li>En distanciel synchrone \u2013 en fran\u00e7ais : Classe virtuelle sur la plateforme Zoom.<\/li>\n\n\n\n<li>Cours et de projections audiovisuelles. P\u00e9dagogie active et participative.<\/li>\n<\/ul>\n\n\n\n<div class=\"wp-block-uagb-buttons uagb-buttons__outer-wrap uagb-btn__default-btn uagb-btn-tablet__default-btn uagb-btn-mobile__default-btn uagb-block-7157d2bb\"><div class=\"uagb-buttons__wrap uagb-buttons-layout-wrap \">\n<div class=\"wp-block-uagb-buttons-child uagb-buttons__outer-wrap uagb-block-bd3397f5 wp-block-button\"><div class=\"uagb-button__wrapper\"><a class=\"uagb-buttons-repeater wp-block-button__link\" aria-label=\"\" href=\"https:\/\/www.kazuki.eu\/academy\/?page_id=13151&amp;preview=true\" rel=\"follow noopener\" target=\"_blank\" role=\"button\"><div class=\"uagb-button__link\">COMMENT SE PREPARER A UNE FORMATION EN DISTANCIEL ?<\/div><\/a><\/div><\/div>\n<\/div><\/div>\n\n\n\n<p>Enseignement th\u00e9orique sous forme de cours et de projections audiovisuelles. P\u00e9dagogie active et participative.<\/p>\n\n\n\n<p>Supports p\u00e9dagogiques : des supports de cours seront exp\u00e9di\u00e9s, apr\u00e8s la formation, par courrier \u00e9lectronique sous forme de documents ou sous forme de lien de t\u00e9l\u00e9chargement (pr\u00e9sentations de type Powerpoint r\u00e9alis\u00e9s en co-construction et int\u00e9grant les savoirs th\u00e9oriques requis et les \u00e9l\u00e9ments visuels n\u00e9cessaires et documents annexes).<\/p>\n\n\n\n<h5 class=\"wp-block-heading\">Modalit\u00e9s d\u2019inscription<\/h5>\n\n\n\n<ul class=\"wp-block-list\">\n<li>L\u2019inscription se fait en ligne sur le site internet.<\/li>\n\n\n\n<li>Il n\u2019y a pas d\u2019entretien pr\u00e9alable \u00e0 l\u2019inscription.<\/li>\n\n\n\n<li>Nous nous r\u00e9servons de droit d\u2019annuler ou reporter une formation si le nombre minimum de stagiaires n\u2019est pas atteint.<\/li>\n<\/ul>\n\n\n\n<p>Le tarif est mentionn\u00e9 sur le site internet.&nbsp; En effectuant l\u2019achat, le client confirme avoir lu et accept\u00e9 les r\u00e8glements en vigueur ainsi que les conditions g\u00e9n\u00e9rales de ventes, tous consultables sur notre site internet.<\/p>\n\n\n\n<h5 class=\"wp-block-heading\">Moyen de contr\u00f4le de l\u2019assiduit\u00e9<\/h5>\n\n\n\n<p>\u00c0 distance : via cam\u00e9ra.<\/p>\n\n\n\n<h5 class=\"wp-block-heading\">Processus d\u2019\u00e9valuation \u2013 Attestation et\/ou certificat<\/h5>\n\n\n\n<ul class=\"wp-block-list\">\n<li>Un questionnaire d\u2019\u00e9valuation (non anonyme) de l\u2019atteinte des objectifs est propos\u00e9 en fin de formation.<\/li>\n\n\n\n<li>Une attestation de formation est remise \u00e0 l\u2019issue de la formation.<\/li>\n\n\n\n<li>Il n\u2019y a pas de test qualificatif pr\u00e9vu pour cette formation.<\/li>\n<\/ul>\n\n\n\n<div class=\"wp-block-uagb-advanced-heading uagb-block-b74563eb\"><h2 class=\"uagb-heading-text\">Public cible<\/h2><p class=\"uagb-desc-text\">&nbsp;&nbsp; Professionnels d\u00e9butants ou confirm\u00e9s avec exercice d\u2019une activit\u00e9 professionnelle autour de l\u2019aide et l\u2019accompagnement<br>&nbsp;&nbsp; de la personne avec un int\u00e9r\u00eat particulier pour la sant\u00e9 et la nutrition.<\/p><\/div>\n\n\n\n<p>Sont donc concern\u00e9s&nbsp;:<\/p>\n\n\n\n<ul class=\"wp-block-list\">\n<li>Professionnels des psychoth\u00e9rapies : <em>Psychiatres, psychologues, psychoth\u00e9rapeutes, psychopraticiens\u2026<\/em><\/li>\n\n\n\n<li>Professionnels de sant\u00e9 : <em>Nutritionnistes, di\u00e9t\u00e9ticien(ne)s infirmier(e)s, aides-soignants \u2026<\/em><\/li>\n\n\n\n<li>Professionnels du coaching&nbsp;: <em>Life Coach, coach en nutrition, coach sportif\u2026<\/em><\/li>\n\n\n\n<li>Professionnels des th\u00e9rapies compl\u00e9mentaires et m\u00e9decines douces : <em>Sophrologues, hypnoth\u00e9rapeutes, relaxologues, th\u00e9rapeutes \u00e9nerg\u00e9tiques, professeurs de yoga \/ reiki \/ qi gong, kin\u00e9siologues, praticien shiatsu, reflexologues, naturopathes\u2026<\/em><\/li>\n<\/ul>\n\n\n\n<p>Pr\u00e9requis&nbsp;: aucun<\/p>\n\n\n\n<p>Stagiaires : 5 minimum \/20 maximum<\/p>\n\n\n\n<div class=\"wp-block-uagb-advanced-heading uagb-block-b18719ce\"><h2 class=\"uagb-heading-text\">Dates de la formation<\/h2><\/div>\n\n\n\n<ul class=\"wp-block-list\">\n<li><strong>09\/01\/2027 <\/strong>de 9h00&prime; \u00e0 12h00&prime; et de 13h00&prime; \u00e0 17h00&prime;<\/li>\n\n\n\n<li><strong>10\/01\/2027 <\/strong>de 9h00&prime; \u00e0 12h00&prime; et de 13h00&prime; \u00e0 17h00&prime;<\/li>\n<\/ul>\n<\/div>\n\n\n\n<div class=\"wp-block-uagb-container uagb-block-ef080f3a\">\n<div class=\"wp-block-group alignfull has-border-color is-vertical is-layout-flex wp-container-core-group-is-layout-d0461c18 wp-block-group-is-layout-flex\" style=\"border-color:#d2d2d2;border-width:1px;padding-top:var(--wp--preset--spacing--40);padding-right:var(--wp--preset--spacing--40);padding-bottom:var(--wp--preset--spacing--40);padding-left:var(--wp--preset--spacing--40)\">\t\t\t\t<div class=\"wp-block-uagb-table-of-contents uagb-toc__align-left uagb-toc__columns-1  uagb-block-6331f81e    uag-hide-mob  \"\n\t\t\t\t\tdata-scroll= \"1\"\n\t\t\t\t\tdata-offset= \"30\"\n\t\t\t\t\tstyle=\"\"\n\t\t\t\t>\n\t\t\t\t<div class=\"uagb-toc__wrap\">\n\t\t\t\t\t\t<div class=\"uagb-toc__title\">\n\t\t\t\t\t\t\tTable des mati\u00e8res\t\t\t\t\t\t\t\t\t\t\t\t\t<svg xmlns=\"https:\/\/www.w3.org\/2000\/svg\" viewBox= \"0 0 384 512\"><path d=\"M192 384c-8.188 0-16.38-3.125-22.62-9.375l-160-160c-12.5-12.5-12.5-32.75 0-45.25s32.75-12.5 45.25 0L192 306.8l137.4-137.4c12.5-12.5 32.75-12.5 45.25 0s12.5 32.75 0 45.25l-160 160C208.4 380.9 200.2 384 192 384z\"><\/path><\/svg>\n\t\t\t\t\t\t\t\t\t\t\t\t\t\t\t\t\t\t\t<\/div>\n\t\t\t\t\t\t\t\t\t\t\t\t\t\t\t\t\t\t\t\t\t\t<div class=\"uagb-toc__list-wrap \">\n\t\t\t\t\t\t<ol class=\"uagb-toc__list\"><li class=\"uagb-toc__list\"><a href=\"#pr\u00e9sentation\" class=\"uagb-toc-link__trigger\">Pr\u00e9sentation<\/a><li class=\"uagb-toc__list\"><a href=\"#objectifs-d\u00e9veloppement-des-comp\u00e9tences\" class=\"uagb-toc-link__trigger\">Objectifs &amp; D\u00e9veloppement des comp\u00e9tences<\/a><li class=\"uagb-toc__list\"><a href=\"#en-bref\" class=\"uagb-toc-link__trigger\">En bref<\/a><li class=\"uagb-toc__list\"><a href=\"#programme\" class=\"uagb-toc-link__trigger\">Programme<\/a><li class=\"uagb-toc__list\"><a href=\"#public-cible\" class=\"uagb-toc-link__trigger\">Public cible<\/a><li class=\"uagb-toc__list\"><a href=\"#dates-de-la-formation\" class=\"uagb-toc-link__trigger\">Dates de la formation<\/a><li class=\"uagb-toc__list\"><a href=\"#r\u00e9server-ma-formation\" class=\"uagb-toc-link__trigger\">R\u00e9server ma formation<\/a><\/ol>\t\t\t\t\t<\/div>\n\t\t\t\t\t\t\t\t\t<\/div>\n\t\t\t\t<\/div>\n\t\t\t<\/div>\n<\/div>\n<\/div><\/div>\n\n\n\n<div id=\"reserver\" class=\"wp-block-uagb-container uagb-block-7e47b9a7 default uagb-is-root-container\">\n<div class=\"wp-block-uagb-advanced-heading uagb-block-920f2d84\"><h2 class=\"uagb-heading-text\">R\u00e9server ma formation<\/h2><\/div>\n\n\n\n<div class=\"wp-block-uagb-container uagb-block-850fce2b\">\n<div class=\"wp-block-uagb-advanced-heading uagb-block-1315d167\"><h3 class=\"uagb-heading-text\">490 \u20ac TTC<\/h3><\/div>\n\n\n\n<div class=\"wp-block-uagb-advanced-heading uagb-block-b8811f6f\"><div class=\"uagb-separator\"><\/div><\/div>\n\n\n\n<div class=\"wp-block-uagb-icon-list uagb-block-7db0872a\"><div class=\"uagb-icon-list__wrap\">\n<div class=\"wp-block-uagb-icon-list-child uagb-block-c7edd29a\"><a target=\"_self\" aria-label=\"Dates : 09\/01\/2027 et 10\/01\/2027\" rel=\"noopener noreferrer\" href=\"#\"> <\/a><span class=\"uagb-icon-list__source-wrap\"><svg xmlns=\"https:\/\/www.w3.org\/2000\/svg\" viewBox=\"0 0 448 512\"><path d=\"M438.6 105.4C451.1 117.9 451.1 138.1 438.6 150.6L182.6 406.6C170.1 419.1 149.9 419.1 137.4 406.6L9.372 278.6C-3.124 266.1-3.124 245.9 9.372 233.4C21.87 220.9 42.13 220.9 54.63 233.4L159.1 338.7L393.4 105.4C405.9 92.88 426.1 92.88 438.6 105.4H438.6z\"><\/path><\/svg><\/span><span class=\"uagb-icon-list__label\">Dates : 09\/01\/2027 et 10\/01\/2027<\/span><\/div>\n\n\n\n<div class=\"wp-block-uagb-icon-list-child uagb-block-f0fa97fe\"><a target=\"_self\" aria-label=\"Formation en Visio-Live\" rel=\"noopener noreferrer\" href=\"#\"> <\/a><span class=\"uagb-icon-list__source-wrap\"><svg xmlns=\"https:\/\/www.w3.org\/2000\/svg\" viewBox=\"0 0 448 512\"><path d=\"M438.6 105.4C451.1 117.9 451.1 138.1 438.6 150.6L182.6 406.6C170.1 419.1 149.9 419.1 137.4 406.6L9.372 278.6C-3.124 266.1-3.124 245.9 9.372 233.4C21.87 220.9 42.13 220.9 54.63 233.4L159.1 338.7L393.4 105.4C405.9 92.88 426.1 92.88 438.6 105.4H438.6z\"><\/path><\/svg><\/span><span class=\"uagb-icon-list__label\">Formation en Visio-Live<\/span><\/div>\n\n\n\n<div class=\"wp-block-uagb-icon-list-child uagb-block-ca222360\"><a target=\"_self\" aria-label=\"Module 2\/3\" rel=\"noopener noreferrer\" href=\"#\"> <\/a><span class=\"uagb-icon-list__source-wrap\"><svg xmlns=\"https:\/\/www.w3.org\/2000\/svg\" viewBox=\"0 0 448 512\"><path d=\"M438.6 105.4C451.1 117.9 451.1 138.1 438.6 150.6L182.6 406.6C170.1 419.1 149.9 419.1 137.4 406.6L9.372 278.6C-3.124 266.1-3.124 245.9 9.372 233.4C21.87 220.9 42.13 220.9 54.63 233.4L159.1 338.7L393.4 105.4C405.9 92.88 426.1 92.88 438.6 105.4H438.6z\"><\/path><\/svg><\/span><span class=\"uagb-icon-list__label\">Module 2\/3<\/span><\/div>\n\n\n\n<div class=\"wp-block-uagb-icon-list-child uagb-block-6a5b68f8\"><a target=\"_self\" aria-label=\"14 heures\" rel=\"noopener noreferrer\" href=\"#\"> <\/a><span class=\"uagb-icon-list__source-wrap\"><svg xmlns=\"https:\/\/www.w3.org\/2000\/svg\" viewBox=\"0 0 448 512\"><path d=\"M438.6 105.4C451.1 117.9 451.1 138.1 438.6 150.6L182.6 406.6C170.1 419.1 149.9 419.1 137.4 406.6L9.372 278.6C-3.124 266.1-3.124 245.9 9.372 233.4C21.87 220.9 42.13 220.9 54.63 233.4L159.1 338.7L393.4 105.4C405.9 92.88 426.1 92.88 438.6 105.4H438.6z\"><\/path><\/svg><\/span><span class=\"uagb-icon-list__label\">14 heures<\/span><\/div>\n\n\n\n<div class=\"wp-block-uagb-icon-list-child uagb-block-04cc0123\"><a target=\"_self\" aria-label=\"2 jours\" rel=\"noopener noreferrer\" href=\"#\"> <\/a><span class=\"uagb-icon-list__source-wrap\"><svg xmlns=\"https:\/\/www.w3.org\/2000\/svg\" viewBox=\"0 0 448 512\"><path d=\"M438.6 105.4C451.1 117.9 451.1 138.1 438.6 150.6L182.6 406.6C170.1 419.1 149.9 419.1 137.4 406.6L9.372 278.6C-3.124 266.1-3.124 245.9 9.372 233.4C21.87 220.9 42.13 220.9 54.63 233.4L159.1 338.7L393.4 105.4C405.9 92.88 426.1 92.88 438.6 105.4H438.6z\"><\/path><\/svg><\/span><span class=\"uagb-icon-list__label\">2 jours<\/span><\/div>\n<\/div><\/div>\n\n\n\n<div class=\"wp-block-buttons alignfull is-horizontal is-content-justification-center is-layout-flex wp-container-core-buttons-is-layout-03627597 wp-block-buttons-is-layout-flex\">\n<div class=\"wp-block-button has-custom-width wp-block-button__width-100 is-style-fill\"><a class=\"wp-block-button__link has-ast-global-color-5-color has-ast-global-color-0-background-color has-text-color has-background wp-element-button\" href=\"https:\/\/my.kazuki.eu\/commander\/?add-to-cart=692&amp;quantity=1\" style=\"border-radius:30px\">Je r\u00e9serve (490\u20ac TTC)<\/a><\/div>\n<\/div>\n<\/div>\n<\/div>\n","protected":false},"excerpt":{"rendered":"<p>Se nourrir en conscience Favoriser la s\u00e9r\u00e9nit\u00e9 alimentaire Pr\u00e9sentation Dans ce deuxi\u00e8me volet, nous nous attarderons sur le lien entre alimentation et \u00e9motions. En effet, accompagner des probl\u00e9matiques alimentaires am\u00e8ne t\u00f4t ou tard \u00e0 rencontrer les m\u00e9canismes \u00e9motionnels sous-jacents.Il s\u2019agira donc de reconnaitre la composante affective et h\u00e9donique de l\u2019alimentation et d\u2019explorer son utilisation comme [&hellip;]<\/p>\n","protected":false},"author":1,"featured_media":13127,"parent":16,"menu_order":0,"comment_status":"closed","ping_status":"closed","template":"","format":[81],"meta":{"_uag_custom_page_level_css":"","site-sidebar-layout":"default","site-content-layout":"","ast-site-content-layout":"default","site-content-style":"default","site-sidebar-style":"default","ast-global-header-display":"","ast-banner-title-visibility":"","ast-main-header-display":"","ast-hfb-above-header-display":"","ast-hfb-below-header-display":"","ast-hfb-mobile-header-display":"","site-post-title":"","ast-breadcrumbs-content":"","ast-featured-img":"","footer-sml-layout":"","ast-disable-related-posts":"","theme-transparent-header-meta":"","adv-header-id-meta":"","stick-header-meta":"","header-above-stick-meta":"","header-main-stick-meta":"","header-below-stick-meta":"","astra-migrate-meta-layouts":"default","ast-page-background-enabled":"default","ast-page-background-meta":{"desktop":{"background-color":"var(--ast-global-color-4)","background-image":"","background-repeat":"repeat","background-position":"center center","background-size":"auto","background-attachment":"scroll","background-type":"","background-media":"","overlay-type":"","overlay-color":"","overlay-opacity":"","overlay-gradient":""},"tablet":{"background-color":"","background-image":"","background-repeat":"repeat","background-position":"center center","background-size":"auto","background-attachment":"scroll","background-type":"","background-media":"","overlay-type":"","overlay-color":"","overlay-opacity":"","overlay-gradient":""},"mobile":{"background-color":"","background-image":"","background-repeat":"repeat","background-position":"center center","background-size":"auto","background-attachment":"scroll","background-type":"","background-media":"","overlay-type":"","overlay-color":"","overlay-opacity":"","overlay-gradient":""}},"ast-content-background-meta":{"desktop":{"background-color":"var(--ast-global-color-5)","background-image":"","background-repeat":"repeat","background-position":"center center","background-size":"auto","background-attachment":"scroll","background-type":"","background-media":"","overlay-type":"","overlay-color":"","overlay-opacity":"","overlay-gradient":""},"tablet":{"background-color":"var(--ast-global-color-5)","background-image":"","background-repeat":"repeat","background-position":"center center","background-size":"auto","background-attachment":"scroll","background-type":"","background-media":"","overlay-type":"","overlay-color":"","overlay-opacity":"","overlay-gradient":""},"mobile":{"background-color":"var(--ast-global-color-5)","background-image":"","background-repeat":"repeat","background-position":"center center","background-size":"auto","background-attachment":"scroll","background-type":"","background-media":"","overlay-type":"","overlay-color":"","overlay-opacity":"","overlay-gradient":""}},"footnotes":""},"formateur":[6],"niveau":[9],"modalite":[],"outil":[71],"duree":[79],"profil":[83],"class_list":["post-13108","page","type-page","status-publish","has-post-thumbnail","hentry","formateur-anne-claire-vanden-hende","niveau-gold","outil-psychocorporels","duree-14-heures-en-2-jours","format-distantiel","profil-professionnels-de-la-relation-daide-et-de-laccompagnement"],"yoast_head":"<!-- This site is optimized with the Yoast SEO plugin v26.9 - https:\/\/yoast.com\/product\/yoast-seo-wordpress\/ -->\n<title>Formation Nutrition - Module 2 - Favoriser la s\u00e9r\u00e9nit\u00e9 alimentaire - Kazuki Academy<\/title>\n<meta name=\"robots\" content=\"index, follow, max-snippet:-1, max-image-preview:large, max-video-preview:-1\" \/>\n<link rel=\"canonical\" href=\"https:\/\/www.kazuki.eu\/academy\/nos-formations\/formations-de-base\/formation-nutrition-module2-favoriser-la-serenite-alimentaire\/\" \/>\n<meta property=\"og:locale\" content=\"fr_FR\" \/>\n<meta property=\"og:type\" content=\"article\" \/>\n<meta property=\"og:title\" content=\"Formation Nutrition - Module 2 - Favoriser la s\u00e9r\u00e9nit\u00e9 alimentaire - Kazuki Academy\" \/>\n<meta property=\"og:description\" content=\"Se nourrir en conscience Favoriser la s\u00e9r\u00e9nit\u00e9 alimentaire Pr\u00e9sentation Dans ce deuxi\u00e8me volet, nous nous attarderons sur le lien entre alimentation et \u00e9motions. En effet, accompagner des probl\u00e9matiques alimentaires am\u00e8ne t\u00f4t ou tard \u00e0 rencontrer les m\u00e9canismes \u00e9motionnels sous-jacents.Il s\u2019agira donc de reconnaitre la composante affective et h\u00e9donique de l\u2019alimentation et d\u2019explorer son utilisation comme [&hellip;]\" \/>\n<meta property=\"og:url\" content=\"https:\/\/www.kazuki.eu\/academy\/nos-formations\/formations-de-base\/formation-nutrition-module2-favoriser-la-serenite-alimentaire\/\" \/>\n<meta property=\"og:site_name\" content=\"Kazuki Academy\" \/>\n<meta property=\"article:modified_time\" content=\"2026-01-04T15:19:02+00:00\" \/>\n<meta property=\"og:image\" content=\"https:\/\/www.kazuki.eu\/academy\/wp-content\/uploads\/sites\/3\/2024\/11\/pexels-mccutcheon-1196516-.jpg\" \/>\n\t<meta property=\"og:image:width\" content=\"1404\" \/>\n\t<meta property=\"og:image:height\" content=\"936\" \/>\n\t<meta property=\"og:image:type\" content=\"image\/jpeg\" \/>\n<meta name=\"twitter:card\" content=\"summary_large_image\" \/>\n<meta name=\"twitter:label1\" content=\"Dur\u00e9e de lecture estim\u00e9e\" \/>\n\t<meta name=\"twitter:data1\" content=\"4 minutes\" \/>\n<script type=\"application\/ld+json\" class=\"yoast-schema-graph\">{\"@context\":\"https:\/\/schema.org\",\"@graph\":[{\"@type\":\"WebPage\",\"@id\":\"https:\/\/www.kazuki.eu\/academy\/nos-formations\/formations-de-base\/formation-nutrition-module2-favoriser-la-serenite-alimentaire\/\",\"url\":\"https:\/\/www.kazuki.eu\/academy\/nos-formations\/formations-de-base\/formation-nutrition-module2-favoriser-la-serenite-alimentaire\/\",\"name\":\"Formation Nutrition - Module 2 - Favoriser la s\u00e9r\u00e9nit\u00e9 alimentaire - Kazuki Academy\",\"isPartOf\":{\"@id\":\"https:\/\/www.kazuki.eu\/academy\/#website\"},\"primaryImageOfPage\":{\"@id\":\"https:\/\/www.kazuki.eu\/academy\/nos-formations\/formations-de-base\/formation-nutrition-module2-favoriser-la-serenite-alimentaire\/#primaryimage\"},\"image\":{\"@id\":\"https:\/\/www.kazuki.eu\/academy\/nos-formations\/formations-de-base\/formation-nutrition-module2-favoriser-la-serenite-alimentaire\/#primaryimage\"},\"thumbnailUrl\":\"https:\/\/www.kazuki.eu\/academy\/wp-content\/uploads\/sites\/3\/2024\/11\/pexels-mccutcheon-1196516-.jpg\",\"datePublished\":\"2025-07-15T20:16:49+00:00\",\"dateModified\":\"2026-01-04T15:19:02+00:00\",\"breadcrumb\":{\"@id\":\"https:\/\/www.kazuki.eu\/academy\/nos-formations\/formations-de-base\/formation-nutrition-module2-favoriser-la-serenite-alimentaire\/#breadcrumb\"},\"inLanguage\":\"fr-FR\",\"potentialAction\":[{\"@type\":\"ReadAction\",\"target\":[\"https:\/\/www.kazuki.eu\/academy\/nos-formations\/formations-de-base\/formation-nutrition-module2-favoriser-la-serenite-alimentaire\/\"]}]},{\"@type\":\"ImageObject\",\"inLanguage\":\"fr-FR\",\"@id\":\"https:\/\/www.kazuki.eu\/academy\/nos-formations\/formations-de-base\/formation-nutrition-module2-favoriser-la-serenite-alimentaire\/#primaryimage\",\"url\":\"https:\/\/www.kazuki.eu\/academy\/wp-content\/uploads\/sites\/3\/2024\/11\/pexels-mccutcheon-1196516-.jpg\",\"contentUrl\":\"https:\/\/www.kazuki.eu\/academy\/wp-content\/uploads\/sites\/3\/2024\/11\/pexels-mccutcheon-1196516-.jpg\",\"width\":1404,\"height\":936},{\"@type\":\"BreadcrumbList\",\"@id\":\"https:\/\/www.kazuki.eu\/academy\/nos-formations\/formations-de-base\/formation-nutrition-module2-favoriser-la-serenite-alimentaire\/#breadcrumb\",\"itemListElement\":[{\"@type\":\"ListItem\",\"position\":1,\"name\":\"Accueil\",\"item\":\"https:\/\/www.kazuki.eu\/academy\/\"},{\"@type\":\"ListItem\",\"position\":2,\"name\":\"Nos formations\",\"item\":\"https:\/\/www.kazuki.eu\/academy\/?page_id=14\"},{\"@type\":\"ListItem\",\"position\":3,\"name\":\"Professionnels de l&rsquo;accompagnement et du bien \u00eatre\",\"item\":\"https:\/\/www.kazuki.eu\/academy\/nos-formations\/formations-de-base\/\"},{\"@type\":\"ListItem\",\"position\":4,\"name\":\"Formation Nutrition &#8211; Module 2 &#8211; Favoriser la s\u00e9r\u00e9nit\u00e9 alimentaire\"}]},{\"@type\":\"WebSite\",\"@id\":\"https:\/\/www.kazuki.eu\/academy\/#website\",\"url\":\"https:\/\/www.kazuki.eu\/academy\/\",\"name\":\"Kazuki Academy\",\"description\":\"\",\"publisher\":{\"@id\":\"https:\/\/www.kazuki.eu\/academy\/#organization\"},\"potentialAction\":[{\"@type\":\"SearchAction\",\"target\":{\"@type\":\"EntryPoint\",\"urlTemplate\":\"https:\/\/www.kazuki.eu\/academy\/?s={search_term_string}\"},\"query-input\":{\"@type\":\"PropertyValueSpecification\",\"valueRequired\":true,\"valueName\":\"search_term_string\"}}],\"inLanguage\":\"fr-FR\"},{\"@type\":\"Organization\",\"@id\":\"https:\/\/www.kazuki.eu\/academy\/#organization\",\"name\":\"Kazuki Academy\",\"url\":\"https:\/\/www.kazuki.eu\/academy\/\",\"logo\":{\"@type\":\"ImageObject\",\"inLanguage\":\"fr-FR\",\"@id\":\"https:\/\/www.kazuki.eu\/academy\/#\/schema\/logo\/image\/\",\"url\":\"https:\/\/www.kazuki.eu\/academy\/wp-content\/uploads\/sites\/3\/2023\/12\/cropped-kazuki-logo.png\",\"contentUrl\":\"https:\/\/www.kazuki.eu\/academy\/wp-content\/uploads\/sites\/3\/2023\/12\/cropped-kazuki-logo.png\",\"width\":244,\"height\":112,\"caption\":\"Kazuki Academy\"},\"image\":{\"@id\":\"https:\/\/www.kazuki.eu\/academy\/#\/schema\/logo\/image\/\"}}]}<\/script>\n<!-- \/ Yoast SEO plugin. -->","yoast_head_json":{"title":"Formation Nutrition - Module 2 - Favoriser la s\u00e9r\u00e9nit\u00e9 alimentaire - Kazuki Academy","robots":{"index":"index","follow":"follow","max-snippet":"max-snippet:-1","max-image-preview":"max-image-preview:large","max-video-preview":"max-video-preview:-1"},"canonical":"https:\/\/www.kazuki.eu\/academy\/nos-formations\/formations-de-base\/formation-nutrition-module2-favoriser-la-serenite-alimentaire\/","og_locale":"fr_FR","og_type":"article","og_title":"Formation Nutrition - Module 2 - Favoriser la s\u00e9r\u00e9nit\u00e9 alimentaire - Kazuki Academy","og_description":"Se nourrir en conscience Favoriser la s\u00e9r\u00e9nit\u00e9 alimentaire Pr\u00e9sentation Dans ce deuxi\u00e8me volet, nous nous attarderons sur le lien entre alimentation et \u00e9motions. En effet, accompagner des probl\u00e9matiques alimentaires am\u00e8ne t\u00f4t ou tard \u00e0 rencontrer les m\u00e9canismes \u00e9motionnels sous-jacents.Il s\u2019agira donc de reconnaitre la composante affective et h\u00e9donique de l\u2019alimentation et d\u2019explorer son utilisation comme [&hellip;]","og_url":"https:\/\/www.kazuki.eu\/academy\/nos-formations\/formations-de-base\/formation-nutrition-module2-favoriser-la-serenite-alimentaire\/","og_site_name":"Kazuki Academy","article_modified_time":"2026-01-04T15:19:02+00:00","og_image":[{"width":1404,"height":936,"url":"https:\/\/www.kazuki.eu\/academy\/wp-content\/uploads\/sites\/3\/2024\/11\/pexels-mccutcheon-1196516-.jpg","type":"image\/jpeg"}],"twitter_card":"summary_large_image","twitter_misc":{"Dur\u00e9e de lecture estim\u00e9e":"4 minutes"},"schema":{"@context":"https:\/\/schema.org","@graph":[{"@type":"WebPage","@id":"https:\/\/www.kazuki.eu\/academy\/nos-formations\/formations-de-base\/formation-nutrition-module2-favoriser-la-serenite-alimentaire\/","url":"https:\/\/www.kazuki.eu\/academy\/nos-formations\/formations-de-base\/formation-nutrition-module2-favoriser-la-serenite-alimentaire\/","name":"Formation Nutrition - Module 2 - Favoriser la s\u00e9r\u00e9nit\u00e9 alimentaire - Kazuki Academy","isPartOf":{"@id":"https:\/\/www.kazuki.eu\/academy\/#website"},"primaryImageOfPage":{"@id":"https:\/\/www.kazuki.eu\/academy\/nos-formations\/formations-de-base\/formation-nutrition-module2-favoriser-la-serenite-alimentaire\/#primaryimage"},"image":{"@id":"https:\/\/www.kazuki.eu\/academy\/nos-formations\/formations-de-base\/formation-nutrition-module2-favoriser-la-serenite-alimentaire\/#primaryimage"},"thumbnailUrl":"https:\/\/www.kazuki.eu\/academy\/wp-content\/uploads\/sites\/3\/2024\/11\/pexels-mccutcheon-1196516-.jpg","datePublished":"2025-07-15T20:16:49+00:00","dateModified":"2026-01-04T15:19:02+00:00","breadcrumb":{"@id":"https:\/\/www.kazuki.eu\/academy\/nos-formations\/formations-de-base\/formation-nutrition-module2-favoriser-la-serenite-alimentaire\/#breadcrumb"},"inLanguage":"fr-FR","potentialAction":[{"@type":"ReadAction","target":["https:\/\/www.kazuki.eu\/academy\/nos-formations\/formations-de-base\/formation-nutrition-module2-favoriser-la-serenite-alimentaire\/"]}]},{"@type":"ImageObject","inLanguage":"fr-FR","@id":"https:\/\/www.kazuki.eu\/academy\/nos-formations\/formations-de-base\/formation-nutrition-module2-favoriser-la-serenite-alimentaire\/#primaryimage","url":"https:\/\/www.kazuki.eu\/academy\/wp-content\/uploads\/sites\/3\/2024\/11\/pexels-mccutcheon-1196516-.jpg","contentUrl":"https:\/\/www.kazuki.eu\/academy\/wp-content\/uploads\/sites\/3\/2024\/11\/pexels-mccutcheon-1196516-.jpg","width":1404,"height":936},{"@type":"BreadcrumbList","@id":"https:\/\/www.kazuki.eu\/academy\/nos-formations\/formations-de-base\/formation-nutrition-module2-favoriser-la-serenite-alimentaire\/#breadcrumb","itemListElement":[{"@type":"ListItem","position":1,"name":"Accueil","item":"https:\/\/www.kazuki.eu\/academy\/"},{"@type":"ListItem","position":2,"name":"Nos formations","item":"https:\/\/www.kazuki.eu\/academy\/?page_id=14"},{"@type":"ListItem","position":3,"name":"Professionnels de l&rsquo;accompagnement et du bien \u00eatre","item":"https:\/\/www.kazuki.eu\/academy\/nos-formations\/formations-de-base\/"},{"@type":"ListItem","position":4,"name":"Formation Nutrition &#8211; Module 2 &#8211; Favoriser la s\u00e9r\u00e9nit\u00e9 alimentaire"}]},{"@type":"WebSite","@id":"https:\/\/www.kazuki.eu\/academy\/#website","url":"https:\/\/www.kazuki.eu\/academy\/","name":"Kazuki Academy","description":"","publisher":{"@id":"https:\/\/www.kazuki.eu\/academy\/#organization"},"potentialAction":[{"@type":"SearchAction","target":{"@type":"EntryPoint","urlTemplate":"https:\/\/www.kazuki.eu\/academy\/?s={search_term_string}"},"query-input":{"@type":"PropertyValueSpecification","valueRequired":true,"valueName":"search_term_string"}}],"inLanguage":"fr-FR"},{"@type":"Organization","@id":"https:\/\/www.kazuki.eu\/academy\/#organization","name":"Kazuki Academy","url":"https:\/\/www.kazuki.eu\/academy\/","logo":{"@type":"ImageObject","inLanguage":"fr-FR","@id":"https:\/\/www.kazuki.eu\/academy\/#\/schema\/logo\/image\/","url":"https:\/\/www.kazuki.eu\/academy\/wp-content\/uploads\/sites\/3\/2023\/12\/cropped-kazuki-logo.png","contentUrl":"https:\/\/www.kazuki.eu\/academy\/wp-content\/uploads\/sites\/3\/2023\/12\/cropped-kazuki-logo.png","width":244,"height":112,"caption":"Kazuki Academy"},"image":{"@id":"https:\/\/www.kazuki.eu\/academy\/#\/schema\/logo\/image\/"}}]}},"acf":[],"uagb_featured_image_src":{"full":["https:\/\/www.kazuki.eu\/academy\/wp-content\/uploads\/sites\/3\/2024\/11\/pexels-mccutcheon-1196516-.jpg",1404,936,false],"thumbnail":["https:\/\/www.kazuki.eu\/academy\/wp-content\/uploads\/sites\/3\/2024\/11\/pexels-mccutcheon-1196516--150x150.jpg",150,150,true],"medium":["https:\/\/www.kazuki.eu\/academy\/wp-content\/uploads\/sites\/3\/2024\/11\/pexels-mccutcheon-1196516--300x200.jpg",300,200,true],"medium_large":["https:\/\/www.kazuki.eu\/academy\/wp-content\/uploads\/sites\/3\/2024\/11\/pexels-mccutcheon-1196516--768x512.jpg",768,512,true],"large":["https:\/\/www.kazuki.eu\/academy\/wp-content\/uploads\/sites\/3\/2024\/11\/pexels-mccutcheon-1196516--1024x683.jpg",1024,683,true],"1536x1536":["https:\/\/www.kazuki.eu\/academy\/wp-content\/uploads\/sites\/3\/2024\/11\/pexels-mccutcheon-1196516-.jpg",1404,936,false],"2048x2048":["https:\/\/www.kazuki.eu\/academy\/wp-content\/uploads\/sites\/3\/2024\/11\/pexels-mccutcheon-1196516-.jpg",1404,936,false]},"uagb_author_info":{"display_name":"Val\u00e9rie Delmulle","author_link":"https:\/\/www.kazuki.eu\/academy\/author\/admin-kazuki2018\/"},"uagb_comment_info":0,"uagb_excerpt":"Se nourrir en conscience Favoriser la s\u00e9r\u00e9nit\u00e9 alimentaire Pr\u00e9sentation Dans ce deuxi\u00e8me volet, nous nous attarderons sur le lien entre alimentation et \u00e9motions. En effet, accompagner des probl\u00e9matiques alimentaires am\u00e8ne t\u00f4t ou tard \u00e0 rencontrer les m\u00e9canismes \u00e9motionnels sous-jacents.Il s\u2019agira donc de reconnaitre la composante affective et h\u00e9donique de l\u2019alimentation et d\u2019explorer son utilisation comme\u2026","_links":{"self":[{"href":"https:\/\/www.kazuki.eu\/academy\/wp-json\/wp\/v2\/pages\/13108","targetHints":{"allow":["GET"]}}],"collection":[{"href":"https:\/\/www.kazuki.eu\/academy\/wp-json\/wp\/v2\/pages"}],"about":[{"href":"https:\/\/www.kazuki.eu\/academy\/wp-json\/wp\/v2\/types\/page"}],"author":[{"embeddable":true,"href":"https:\/\/www.kazuki.eu\/academy\/wp-json\/wp\/v2\/users\/1"}],"replies":[{"embeddable":true,"href":"https:\/\/www.kazuki.eu\/academy\/wp-json\/wp\/v2\/comments?post=13108"}],"version-history":[{"count":34,"href":"https:\/\/www.kazuki.eu\/academy\/wp-json\/wp\/v2\/pages\/13108\/revisions"}],"predecessor-version":[{"id":13553,"href":"https:\/\/www.kazuki.eu\/academy\/wp-json\/wp\/v2\/pages\/13108\/revisions\/13553"}],"up":[{"embeddable":true,"href":"https:\/\/www.kazuki.eu\/academy\/wp-json\/wp\/v2\/pages\/16"}],"wp:featuredmedia":[{"embeddable":true,"href":"https:\/\/www.kazuki.eu\/academy\/wp-json\/wp\/v2\/media\/13127"}],"wp:attachment":[{"href":"https:\/\/www.kazuki.eu\/academy\/wp-json\/wp\/v2\/media?parent=13108"}],"wp:term":[{"taxonomy":"formateur","embeddable":true,"href":"https:\/\/www.kazuki.eu\/academy\/wp-json\/wp\/v2\/formateur?post=13108"},{"taxonomy":"niveau","embeddable":true,"href":"https:\/\/www.kazuki.eu\/academy\/wp-json\/wp\/v2\/niveau?post=13108"},{"taxonomy":"modalite","embeddable":true,"href":"https:\/\/www.kazuki.eu\/academy\/wp-json\/wp\/v2\/modalite?post=13108"},{"taxonomy":"outil","embeddable":true,"href":"https:\/\/www.kazuki.eu\/academy\/wp-json\/wp\/v2\/outil?post=13108"},{"taxonomy":"duree","embeddable":true,"href":"https:\/\/www.kazuki.eu\/academy\/wp-json\/wp\/v2\/duree?post=13108"},{"taxonomy":"format","embeddable":true,"href":"https:\/\/www.kazuki.eu\/academy\/wp-json\/wp\/v2\/format?post=13108"},{"taxonomy":"profil","embeddable":true,"href":"https:\/\/www.kazuki.eu\/academy\/wp-json\/wp\/v2\/profil?post=13108"}],"curies":[{"name":"wp","href":"https:\/\/api.w.org\/{rel}","templated":true}]}}